{"id":97,"date":"2017-08-09T10:09:38","date_gmt":"2017-08-09T10:09:38","guid":{"rendered":"https:\/\/wordpress.festdesjahres.at\/?page_id=97"},"modified":"2026-04-14T18:50:35","modified_gmt":"2026-04-14T18:50:35","slug":"home","status":"publish","type":"page","link":"https:\/\/www.festdesjahres.at\/en\/","title":{"rendered":"Fest des Jahres"},"content":{"rendered":"\t\t<div data-elementor-type=\"wp-page\" data-elementor-id=\"97\" class=\"elementor elementor-97\">\n\t\t\t\t\t\t<section class=\"elementor-section elementor-top-section elementor-element elementor-element-32d0661 elementor-section-height-min-height elementor-section-full_width elementor-section-height-default elementor-section-items-middle\" data-id=\"32d0661\" data-element_type=\"section\" data-e-type=\"section\" data-settings=\"{&quot;background_background&quot;:&quot;slideshow&quot;,&quot;animation_mobile&quot;:&quot;none&quot;,&quot;background_slideshow_gallery&quot;:[{&quot;id&quot;:8906,&quot;url&quot;:&quot;https:\\\/\\\/www.festdesjahres.at\\\/wp-content\\\/uploads\\\/2026\\\/04\\\/titel2-1.jpg&quot;},{&quot;id&quot;:8708,&quot;url&quot;:&quot;https:\\\/\\\/www.festdesjahres.at\\\/wp-content\\\/uploads\\\/2026\\\/03\\\/titel3.jpg&quot;},{&quot;id&quot;:8709,&quot;url&quot;:&quot;https:\\\/\\\/www.festdesjahres.at\\\/wp-content\\\/uploads\\\/2026\\\/03\\\/titel4.jpg&quot;}],&quot;background_slideshow_loop&quot;:&quot;yes&quot;,&quot;background_slideshow_slide_duration&quot;:5000,&quot;background_slideshow_slide_transition&quot;:&quot;fade&quot;,&quot;background_slideshow_transition_duration&quot;:500}\">\n\t\t\t\t\t\t<div class=\"elementor-container elementor-column-gap-default\">\n\t\t\t\t\t<div class=\"elementor-column elementor-col-100 elementor-top-column elementor-element elementor-element-920c1da\" data-id=\"920c1da\" data-element_type=\"column\" data-e-type=\"column\">\n\t\t\t<div class=\"elementor-widget-wrap elementor-element-populated\">\n\t\t\t\t\t\t<div class=\"elementor-element elementor-element-9de77cc elementor-widget elementor-widget-heading\" data-id=\"9de77cc\" data-element_type=\"widget\" data-e-type=\"widget\" data-widget_type=\"heading.default\">\n\t\t\t\t<div class=\"elementor-widget-container\">\n\t\t\t\t\t<h2 class=\"elementor-heading-title elementor-size-default\">22. - 25. Mai 2026<br>Neustift im M\u00fchlkreis<\/h2>\t\t\t\t<\/div>\n\t\t\t\t<\/div>\n\t\t\t\t<div class=\"elementor-element elementor-element-8b50052 elementor-widget elementor-widget-heading\" data-id=\"8b50052\" data-element_type=\"widget\" data-e-type=\"widget\" data-widget_type=\"heading.default\">\n\t\t\t\t<div class=\"elementor-widget-container\">\n\t\t\t\t\t<h2 class=\"elementor-heading-title elementor-size-default\">Fest des Jahres<\/h2>\t\t\t\t<\/div>\n\t\t\t\t<\/div>\n\t\t\t\t\t<\/div>\n\t\t<\/div>\n\t\t\t\t\t<\/div>\n\t\t<\/section>\n\t\t\t\t<section class=\"elementor-section elementor-top-section elementor-element elementor-element-8cf2d4f elementor-section-height-min-height elementor-section-boxed elementor-section-height-default elementor-section-items-middle\" data-id=\"8cf2d4f\" data-element_type=\"section\" data-e-type=\"section\" data-settings=\"{&quot;background_background&quot;:&quot;gradient&quot;}\">\n\t\t\t\t\t\t\t<div class=\"elementor-background-overlay\"><\/div>\n\t\t\t\t\t\t\t<div class=\"elementor-container elementor-column-gap-default\">\n\t\t\t\t\t<div class=\"elementor-column elementor-col-25 elementor-top-column elementor-element elementor-element-3a5162c\" data-id=\"3a5162c\" data-element_type=\"column\" data-e-type=\"column\">\n\t\t\t<div class=\"elementor-widget-wrap elementor-element-populated\">\n\t\t\t\t\t\t<div class=\"elementor-element elementor-element-1768c11 elementor-widget elementor-widget-heading\" data-id=\"1768c11\" data-element_type=\"widget\" data-e-type=\"widget\" data-widget_type=\"heading.default\">\n\t\t\t\t<div class=\"elementor-widget-container\">\n\t\t\t\t\t<h2 class=\"elementor-heading-title elementor-size-default\">Freitag<\/h2>\t\t\t\t<\/div>\n\t\t\t\t<\/div>\n\t\t\t\t<div class=\"elementor-element elementor-element-e5f91fd elementor-pagination-position-outside elementor-widget elementor-widget-image-carousel\" data-id=\"e5f91fd\" data-element_type=\"widget\" data-e-type=\"widget\" data-settings=\"{&quot;slides_to_show&quot;:&quot;1&quot;,&quot;navigation&quot;:&quot;dots&quot;,&quot;autoplay&quot;:&quot;yes&quot;,&quot;pause_on_hover&quot;:&quot;yes&quot;,&quot;pause_on_interaction&quot;:&quot;yes&quot;,&quot;autoplay_speed&quot;:5000,&quot;infinite&quot;:&quot;yes&quot;,&quot;effect&quot;:&quot;slide&quot;,&quot;speed&quot;:500}\" data-widget_type=\"image-carousel.default\">\n\t\t\t\t<div class=\"elementor-widget-container\">\n\t\t\t\t\t\t\t<div class=\"elementor-image-carousel-wrapper swiper\" role=\"region\" aria-roledescription=\"carousel\" aria-label=\"Bild Karussell\" dir=\"ltr\">\n\t\t\t<div class=\"elementor-image-carousel swiper-wrapper swiper-image-stretch\" aria-live=\"off\">\n\t\t\t\t\t\t\t\t<div class=\"swiper-slide\" role=\"group\" aria-roledescription=\"slide\" aria-label=\"1 von 5\"><figure class=\"swiper-slide-inner\"><img decoding=\"async\" class=\"swiper-slide-image\" src=\"https:\/\/www.festdesjahres.at\/wp-content\/uploads\/2024\/11\/Bieranstich-mit-Uhrzeit-1.jpg\" alt=\"Bieranstich-mit-Uhrzeit\" \/><\/figure><\/div><div class=\"swiper-slide\" role=\"group\" aria-roledescription=\"slide\" aria-label=\"2 von 5\"><figure class=\"swiper-slide-inner\"><img decoding=\"async\" class=\"swiper-slide-image\" src=\"https:\/\/www.festdesjahres.at\/wp-content\/uploads\/2026\/03\/Bieranstich-mit-Uhrzeit-1.jpg\" alt=\"Bieranstich-mit-Uhrzeit\" \/><\/figure><\/div><div class=\"swiper-slide\" role=\"group\" aria-roledescription=\"slide\" aria-label=\"3 von 5\"><figure class=\"swiper-slide-inner\"><img decoding=\"async\" class=\"swiper-slide-image\" src=\"https:\/\/www.festdesjahres.at\/wp-content\/uploads\/2026\/03\/vereine.jpg\" alt=\"vereine\" \/><\/figure><\/div><div class=\"swiper-slide\" role=\"group\" aria-roledescription=\"slide\" aria-label=\"4 von 5\"><figure class=\"swiper-slide-inner\"><img decoding=\"async\" class=\"swiper-slide-image\" src=\"https:\/\/www.festdesjahres.at\/wp-content\/uploads\/2026\/03\/sulmtal-express2026.jpg\" alt=\"sulmtal-express2026\" \/><\/figure><\/div><div class=\"swiper-slide\" role=\"group\" aria-roledescription=\"slide\" aria-label=\"5 von 5\"><figure class=\"swiper-slide-inner\"><img decoding=\"async\" class=\"swiper-slide-image\" src=\"https:\/\/www.festdesjahres.at\/wp-content\/uploads\/2024\/11\/barzelt.jpg\" alt=\"barzelt\" \/><\/figure><\/div>\t\t\t<\/div>\n\t\t\t\t\t\t\t\n\t\t\t\t\t\t\t\t\t<div class=\"swiper-pagination\"><\/div>\n\t\t\t\t\t\t\t\t\t<\/div>\n\t\t\t\t\t\t<\/div>\n\t\t\t\t<\/div>\n\t\t\t\t\t<\/div>\n\t\t<\/div>\n\t\t\t\t<div class=\"elementor-column elementor-col-25 elementor-top-column elementor-element elementor-element-20fd1ad\" data-id=\"20fd1ad\" data-element_type=\"column\" data-e-type=\"column\">\n\t\t\t<div class=\"elementor-widget-wrap elementor-element-populated\">\n\t\t\t\t\t\t<div class=\"elementor-element elementor-element-9043503 elementor-widget elementor-widget-heading\" data-id=\"9043503\" data-element_type=\"widget\" data-e-type=\"widget\" data-widget_type=\"heading.default\">\n\t\t\t\t<div class=\"elementor-widget-container\">\n\t\t\t\t\t<h2 class=\"elementor-heading-title elementor-size-default\">Samstag<\/h2>\t\t\t\t<\/div>\n\t\t\t\t<\/div>\n\t\t\t\t<div class=\"elementor-element elementor-element-5ed22bd elementor-pagination-position-outside elementor-widget elementor-widget-image-carousel\" data-id=\"5ed22bd\" data-element_type=\"widget\" data-e-type=\"widget\" data-settings=\"{&quot;slides_to_show&quot;:&quot;1&quot;,&quot;navigation&quot;:&quot;dots&quot;,&quot;autoplay&quot;:&quot;yes&quot;,&quot;pause_on_hover&quot;:&quot;yes&quot;,&quot;pause_on_interaction&quot;:&quot;yes&quot;,&quot;autoplay_speed&quot;:5000,&quot;infinite&quot;:&quot;yes&quot;,&quot;effect&quot;:&quot;slide&quot;,&quot;speed&quot;:500}\" data-widget_type=\"image-carousel.default\">\n\t\t\t\t<div class=\"elementor-widget-container\">\n\t\t\t\t\t\t\t<div class=\"elementor-image-carousel-wrapper swiper\" role=\"region\" aria-roledescription=\"carousel\" aria-label=\"Bild Karussell\" dir=\"ltr\">\n\t\t\t<div class=\"elementor-image-carousel swiper-wrapper swiper-image-stretch\" aria-live=\"off\">\n\t\t\t\t\t\t\t\t<div class=\"swiper-slide\" role=\"group\" aria-roledescription=\"slide\" aria-label=\"1 von 7\"><figure class=\"swiper-slide-inner\"><img decoding=\"async\" class=\"swiper-slide-image\" src=\"https:\/\/www.festdesjahres.at\/wp-content\/uploads\/2026\/03\/fussball4.jpg\" alt=\"fussball4\" \/><\/figure><\/div><div class=\"swiper-slide\" role=\"group\" aria-roledescription=\"slide\" aria-label=\"2 von 7\"><figure class=\"swiper-slide-inner\"><img decoding=\"async\" class=\"swiper-slide-image\" src=\"https:\/\/www.festdesjahres.at\/wp-content\/uploads\/2026\/03\/radtag2026.jpg\" alt=\"radtag2026\" \/><\/figure><\/div><div class=\"swiper-slide\" role=\"group\" aria-roledescription=\"slide\" aria-label=\"3 von 7\"><figure class=\"swiper-slide-inner\"><img decoding=\"async\" class=\"swiper-slide-image\" src=\"https:\/\/www.festdesjahres.at\/wp-content\/uploads\/2026\/03\/seniorenmusik2026.jpg\" alt=\"seniorenmusik2026\" \/><\/figure><\/div><div class=\"swiper-slide\" role=\"group\" aria-roledescription=\"slide\" aria-label=\"4 von 7\"><figure class=\"swiper-slide-inner\"><img decoding=\"async\" class=\"swiper-slide-image\" src=\"https:\/\/www.festdesjahres.at\/wp-content\/uploads\/2026\/03\/harmonika2.jpg\" alt=\"harmonika2\" \/><\/figure><\/div><div class=\"swiper-slide\" role=\"group\" aria-roledescription=\"slide\" aria-label=\"5 von 7\"><figure class=\"swiper-slide-inner\"><img decoding=\"async\" class=\"swiper-slide-image\" src=\"https:\/\/www.festdesjahres.at\/wp-content\/uploads\/2023\/02\/Mopedclub-Oldtimer-Samstag.jpg\" alt=\"Mopedclub-Oldtimer-Samstag\" \/><\/figure><\/div><div class=\"swiper-slide\" role=\"group\" aria-roledescription=\"slide\" aria-label=\"6 von 7\"><figure class=\"swiper-slide-inner\"><img decoding=\"async\" class=\"swiper-slide-image\" src=\"https:\/\/www.festdesjahres.at\/wp-content\/uploads\/2026\/03\/thierseer.jpg\" alt=\"thierseer\" \/><\/figure><\/div><div class=\"swiper-slide\" role=\"group\" aria-roledescription=\"slide\" aria-label=\"7 von 7\"><figure class=\"swiper-slide-inner\"><img decoding=\"async\" class=\"swiper-slide-image\" src=\"https:\/\/www.festdesjahres.at\/wp-content\/uploads\/2024\/11\/barzelt.jpg\" alt=\"barzelt\" \/><\/figure><\/div>\t\t\t<\/div>\n\t\t\t\t\t\t\t\n\t\t\t\t\t\t\t\t\t<div class=\"swiper-pagination\"><\/div>\n\t\t\t\t\t\t\t\t\t<\/div>\n\t\t\t\t\t\t<\/div>\n\t\t\t\t<\/div>\n\t\t\t\t\t<\/div>\n\t\t<\/div>\n\t\t\t\t<div class=\"elementor-column elementor-col-25 elementor-top-column elementor-element elementor-element-e9dfd22\" data-id=\"e9dfd22\" data-element_type=\"column\" data-e-type=\"column\">\n\t\t\t<div class=\"elementor-widget-wrap elementor-element-populated\">\n\t\t\t\t\t\t<div class=\"elementor-element elementor-element-7824cc6 elementor-widget elementor-widget-heading\" data-id=\"7824cc6\" data-element_type=\"widget\" data-e-type=\"widget\" data-widget_type=\"heading.default\">\n\t\t\t\t<div class=\"elementor-widget-container\">\n\t\t\t\t\t<h2 class=\"elementor-heading-title elementor-size-default\">Sonntag<\/h2>\t\t\t\t<\/div>\n\t\t\t\t<\/div>\n\t\t\t\t<div class=\"elementor-element elementor-element-fb0e012 elementor-pagination-position-outside elementor-widget elementor-widget-image-carousel\" data-id=\"fb0e012\" data-element_type=\"widget\" data-e-type=\"widget\" data-settings=\"{&quot;slides_to_show&quot;:&quot;1&quot;,&quot;lazyload&quot;:&quot;yes&quot;,&quot;speed&quot;:495,&quot;navigation&quot;:&quot;dots&quot;,&quot;autoplay&quot;:&quot;yes&quot;,&quot;pause_on_hover&quot;:&quot;yes&quot;,&quot;pause_on_interaction&quot;:&quot;yes&quot;,&quot;autoplay_speed&quot;:5000,&quot;infinite&quot;:&quot;yes&quot;,&quot;effect&quot;:&quot;slide&quot;}\" data-widget_type=\"image-carousel.default\">\n\t\t\t\t<div class=\"elementor-widget-container\">\n\t\t\t\t\t\t\t<div class=\"elementor-image-carousel-wrapper swiper\" role=\"region\" aria-roledescription=\"carousel\" aria-label=\"Bild Karussell\" dir=\"ltr\">\n\t\t\t<div class=\"elementor-image-carousel swiper-wrapper swiper-image-stretch\" aria-live=\"off\">\n\t\t\t\t\t\t\t\t<div class=\"swiper-slide\" role=\"group\" aria-roledescription=\"slide\" aria-label=\"1 von 5\"><figure class=\"swiper-slide-inner\"><img class=\"swiper-slide-image swiper-lazy\" data-src=\"https:\/\/www.festdesjahres.at\/wp-content\/uploads\/2026\/03\/mvneustift2026.jpg\" alt=\"mvneustift2026\" \/><div class=\"swiper-lazy-preloader\"><\/div><\/figure><\/div><div class=\"swiper-slide\" role=\"group\" aria-roledescription=\"slide\" aria-label=\"2 von 5\"><figure class=\"swiper-slide-inner\"><img class=\"swiper-slide-image swiper-lazy\" data-src=\"https:\/\/www.festdesjahres.at\/wp-content\/uploads\/2026\/03\/fussball2-2026.jpg\" alt=\"fussball2-2026\" \/><div class=\"swiper-lazy-preloader\"><\/div><\/figure><\/div><div class=\"swiper-slide\" role=\"group\" aria-roledescription=\"slide\" aria-label=\"3 von 5\"><figure class=\"swiper-slide-inner\"><img class=\"swiper-slide-image swiper-lazy\" data-src=\"https:\/\/www.festdesjahres.at\/wp-content\/uploads\/2026\/03\/haibach2026.jpg\" alt=\"haibach2026\" \/><div class=\"swiper-lazy-preloader\"><\/div><\/figure><\/div><div class=\"swiper-slide\" role=\"group\" aria-roledescription=\"slide\" aria-label=\"4 von 5\"><figure class=\"swiper-slide-inner\"><img class=\"swiper-slide-image swiper-lazy\" data-src=\"https:\/\/www.festdesjahres.at\/wp-content\/uploads\/2026\/03\/moelltal-sound2026.jpg\" alt=\"moelltal-sound2026\" \/><div class=\"swiper-lazy-preloader\"><\/div><\/figure><\/div><div class=\"swiper-slide\" role=\"group\" aria-roledescription=\"slide\" aria-label=\"5 von 5\"><figure class=\"swiper-slide-inner\"><img class=\"swiper-slide-image swiper-lazy\" data-src=\"https:\/\/www.festdesjahres.at\/wp-content\/uploads\/2023\/01\/Hype-Sound-1.jpg\" alt=\"Hype Sound\" \/><div class=\"swiper-lazy-preloader\"><\/div><\/figure><\/div>\t\t\t<\/div>\n\t\t\t\t\t\t\t\n\t\t\t\t\t\t\t\t\t<div class=\"swiper-pagination\"><\/div>\n\t\t\t\t\t\t\t\t\t<\/div>\n\t\t\t\t\t\t<\/div>\n\t\t\t\t<\/div>\n\t\t\t\t\t<\/div>\n\t\t<\/div>\n\t\t\t\t<div class=\"elementor-column elementor-col-25 elementor-top-column elementor-element elementor-element-9016ebb\" data-id=\"9016ebb\" data-element_type=\"column\" data-e-type=\"column\">\n\t\t\t<div class=\"elementor-widget-wrap elementor-element-populated\">\n\t\t\t\t\t\t<div class=\"elementor-element elementor-element-ede2fc0 elementor-widget elementor-widget-heading\" data-id=\"ede2fc0\" data-element_type=\"widget\" data-e-type=\"widget\" data-widget_type=\"heading.default\">\n\t\t\t\t<div class=\"elementor-widget-container\">\n\t\t\t\t\t<h2 class=\"elementor-heading-title elementor-size-default\">Montag<\/h2>\t\t\t\t<\/div>\n\t\t\t\t<\/div>\n\t\t\t\t<div class=\"elementor-element elementor-element-b84b9f9 elementor-pagination-position-outside elementor-widget elementor-widget-image-carousel\" data-id=\"b84b9f9\" data-element_type=\"widget\" data-e-type=\"widget\" data-settings=\"{&quot;slides_to_show&quot;:&quot;1&quot;,&quot;navigation&quot;:&quot;dots&quot;,&quot;autoplay&quot;:&quot;yes&quot;,&quot;pause_on_hover&quot;:&quot;yes&quot;,&quot;pause_on_interaction&quot;:&quot;yes&quot;,&quot;autoplay_speed&quot;:5000,&quot;infinite&quot;:&quot;yes&quot;,&quot;effect&quot;:&quot;slide&quot;,&quot;speed&quot;:500}\" data-widget_type=\"image-carousel.default\">\n\t\t\t\t<div class=\"elementor-widget-container\">\n\t\t\t\t\t\t\t<div class=\"elementor-image-carousel-wrapper swiper\" role=\"region\" aria-roledescription=\"carousel\" aria-label=\"Bild Karussell\" dir=\"ltr\">\n\t\t\t<div class=\"elementor-image-carousel swiper-wrapper swiper-image-stretch\" aria-live=\"off\">\n\t\t\t\t\t\t\t\t<div class=\"swiper-slide\" role=\"group\" aria-roledescription=\"slide\" aria-label=\"1 von 2\"><figure class=\"swiper-slide-inner\"><img decoding=\"async\" class=\"swiper-slide-image\" src=\"https:\/\/www.festdesjahres.at\/wp-content\/uploads\/2026\/03\/montag-granit2026.jpg\" alt=\"montag-granit2026\" \/><\/figure><\/div><div class=\"swiper-slide\" role=\"group\" aria-roledescription=\"slide\" aria-label=\"2 von 2\"><figure class=\"swiper-slide-inner\"><img decoding=\"async\" class=\"swiper-slide-image\" src=\"https:\/\/www.festdesjahres.at\/wp-content\/uploads\/2026\/03\/kinder2026.jpg\" alt=\"kinder2026\" \/><\/figure><\/div>\t\t\t<\/div>\n\t\t\t\t\t\t\t\n\t\t\t\t\t\t\t\t\t<div class=\"swiper-pagination\"><\/div>\n\t\t\t\t\t\t\t\t\t<\/div>\n\t\t\t\t\t\t<\/div>\n\t\t\t\t<\/div>\n\t\t\t\t\t<\/div>\n\t\t<\/div>\n\t\t\t\t\t<\/div>\n\t\t<\/section>\n\t\t\t\t<section class=\"elementor-section elementor-top-section elementor-element elementor-element-c17c897 elementor-section-boxed elementor-section-height-default elementor-section-height-default\" data-id=\"c17c897\" data-element_type=\"section\" data-e-type=\"section\">\n\t\t\t\t\t\t<div class=\"elementor-container elementor-column-gap-default\">\n\t\t\t\t\t<div class=\"elementor-column elementor-col-100 elementor-top-column elementor-element elementor-element-330557e\" data-id=\"330557e\" data-element_type=\"column\" data-e-type=\"column\">\n\t\t\t<div class=\"elementor-widget-wrap elementor-element-populated\">\n\t\t\t\t\t\t<div class=\"elementor-element elementor-element-adec62a elementor-widget elementor-widget-spacer\" data-id=\"adec62a\" data-element_type=\"widget\" data-e-type=\"widget\" data-widget_type=\"spacer.default\">\n\t\t\t\t<div class=\"elementor-widget-container\">\n\t\t\t\t\t\t\t<div class=\"elementor-spacer\">\n\t\t\t<div class=\"elementor-spacer-inner\"><\/div>\n\t\t<\/div>\n\t\t\t\t\t\t<\/div>\n\t\t\t\t<\/div>\n\t\t\t\t\t<\/div>\n\t\t<\/div>\n\t\t\t\t\t<\/div>\n\t\t<\/section>\n\t\t\t\t<section class=\"elementor-section elementor-top-section elementor-element elementor-element-83240b1 elementor-section-height-min-height elementor-section-boxed elementor-section-height-default elementor-section-items-middle\" data-id=\"83240b1\" data-element_type=\"section\" data-e-type=\"section\">\n\t\t\t\t\t\t<div class=\"elementor-container elementor-column-gap-default\">\n\t\t\t\t\t<div class=\"elementor-column elementor-col-100 elementor-top-column elementor-element elementor-element-28469a2\" data-id=\"28469a2\" data-element_type=\"column\" data-e-type=\"column\">\n\t\t\t<div class=\"elementor-widget-wrap elementor-element-populated\">\n\t\t\t\t\t\t<div class=\"elementor-element elementor-element-f170c2e elementor-widget elementor-widget-heading\" data-id=\"f170c2e\" data-element_type=\"widget\" data-e-type=\"widget\" data-widget_type=\"heading.default\">\n\t\t\t\t<div class=\"elementor-widget-container\">\n\t\t\t\t\t<h2 class=\"elementor-heading-title elementor-size-default\"><h2 data-elementor-setting-key=\"title\" data-pen-placeholder=\"Eingabe hier...\" style=\"font-style: normal;font-family: Montserrat, sans-serif;text-align: center\">Bezirksradtag der Senioren<span style=\"font-family: Sarala, sans-serif;font-size: 2.5rem;font-style: inherit\"><\/span><\/h2><\/h2>\t\t\t\t<\/div>\n\t\t\t\t<\/div>\n\t\t\t\t\t<\/div>\n\t\t<\/div>\n\t\t\t\t\t<\/div>\n\t\t<\/section>\n\t\t\t\t<section class=\"elementor-section elementor-top-section elementor-element elementor-element-e74bbd9 elementor-section-boxed elementor-section-height-default elementor-section-height-default\" data-id=\"e74bbd9\" data-element_type=\"section\" data-e-type=\"section\">\n\t\t\t\t\t\t<div class=\"elementor-container elementor-column-gap-default\">\n\t\t\t\t\t<div class=\"elementor-column elementor-col-50 elementor-top-column elementor-element elementor-element-d8b484d\" data-id=\"d8b484d\" data-element_type=\"column\" data-e-type=\"column\">\n\t\t\t<div class=\"elementor-widget-wrap elementor-element-populated\">\n\t\t\t\t\t\t<div class=\"elementor-element elementor-element-3dfb072 elementor-widget elementor-widget-text-editor\" data-id=\"3dfb072\" data-element_type=\"widget\" data-e-type=\"widget\" data-widget_type=\"text-editor.default\">\n\t\t\t\t<div class=\"elementor-widget-container\">\n\t\t\t\t\t\t\t\t\t<div><strong style=\"font-size: 1rem;\">Programm<\/strong><\/div><div>\u00a0<\/div><div>Startzeit: 9-10 Uhr<\/div><div>Start und Ziel: Sportplatz Neustift<\/div><div>Startgeld: 5 Euro, wird beim Start kassiert<br \/>Preis f\u00fcr die gr\u00f6\u00dfte Gruppe<\/div><div>Mittagessen und Ausklang beim Fest des Jahres<br \/>ab 11 Uhr am Sportplatz<\/div><div>\u00a0<\/div><div><strong>Auskunft<\/strong><br \/>Bezirks-Sportreferent Ludwig Gabriel +43 664 8108473<br \/>Radfreunde Neustift Leo Berger +49 1516 7451183<\/div><div>\u00a0<\/div><div><strong><span style=\"text-decoration: underline;\"><span style=\"color: #ff6600;\"><a style=\"color: #ff6600; text-decoration: underline;\" href=\"https:\/\/www.festdesjahres.at\/wp-content\/uploads\/2026\/03\/Bezirksradtag-Neustift_web.pdf\" target=\"_blank\" rel=\"noopener\">weitere Information<\/a><\/span><\/span><\/strong><\/div>\t\t\t\t\t\t\t\t<\/div>\n\t\t\t\t<\/div>\n\t\t\t\t\t<\/div>\n\t\t<\/div>\n\t\t\t\t<div class=\"elementor-column elementor-col-50 elementor-top-column elementor-element elementor-element-5b5e6ea\" data-id=\"5b5e6ea\" data-element_type=\"column\" data-e-type=\"column\">\n\t\t\t<div class=\"elementor-widget-wrap elementor-element-populated\">\n\t\t\t\t\t\t<div class=\"elementor-element elementor-element-a764569 elementor-widget elementor-widget-image\" data-id=\"a764569\" data-element_type=\"widget\" data-e-type=\"widget\" data-widget_type=\"image.default\">\n\t\t\t\t<div class=\"elementor-widget-container\">\n\t\t\t\t\t\t\t\t\t\t\t\t\t\t\t<img fetchpriority=\"high\" decoding=\"async\" width=\"1024\" height=\"762\" src=\"https:\/\/www.festdesjahres.at\/wp-content\/uploads\/2026\/03\/bezirksseniorenradtag-1024x762.jpg\" class=\"attachment-large size-large wp-image-8711\" alt=\"\" srcset=\"https:\/\/www.festdesjahres.at\/wp-content\/uploads\/2026\/03\/bezirksseniorenradtag-1024x762.jpg 1024w, https:\/\/www.festdesjahres.at\/wp-content\/uploads\/2026\/03\/bezirksseniorenradtag-300x223.jpg 300w, https:\/\/www.festdesjahres.at\/wp-content\/uploads\/2026\/03\/bezirksseniorenradtag-768x572.jpg 768w, https:\/\/www.festdesjahres.at\/wp-content\/uploads\/2026\/03\/bezirksseniorenradtag-16x12.jpg 16w, https:\/\/www.festdesjahres.at\/wp-content\/uploads\/2026\/03\/bezirksseniorenradtag.jpg 1272w\" sizes=\"(max-width: 1024px) 100vw, 1024px\" \/>\t\t\t\t\t\t\t\t\t\t\t\t\t\t\t<\/div>\n\t\t\t\t<\/div>\n\t\t\t\t\t<\/div>\n\t\t<\/div>\n\t\t\t\t\t<\/div>\n\t\t<\/section>\n\t\t\t\t<section class=\"elementor-section elementor-top-section elementor-element elementor-element-61c6f38 elementor-section-boxed elementor-section-height-default elementor-section-height-default\" data-id=\"61c6f38\" data-element_type=\"section\" data-e-type=\"section\">\n\t\t\t\t\t\t<div class=\"elementor-container elementor-column-gap-default\">\n\t\t\t\t\t<div class=\"elementor-column elementor-col-100 elementor-top-column elementor-element elementor-element-a09e592\" data-id=\"a09e592\" data-element_type=\"column\" data-e-type=\"column\">\n\t\t\t<div class=\"elementor-widget-wrap elementor-element-populated\">\n\t\t\t\t\t\t<div class=\"elementor-element elementor-element-2fd2859 elementor-widget elementor-widget-spacer\" data-id=\"2fd2859\" data-element_type=\"widget\" data-e-type=\"widget\" data-widget_type=\"spacer.default\">\n\t\t\t\t<div class=\"elementor-widget-container\">\n\t\t\t\t\t\t\t<div class=\"elementor-spacer\">\n\t\t\t<div class=\"elementor-spacer-inner\"><\/div>\n\t\t<\/div>\n\t\t\t\t\t\t<\/div>\n\t\t\t\t<\/div>\n\t\t\t\t\t<\/div>\n\t\t<\/div>\n\t\t\t\t\t<\/div>\n\t\t<\/section>\n\t\t\t\t<section class=\"elementor-section elementor-top-section elementor-element elementor-element-eb6e3d8 elementor-section-boxed elementor-section-height-default elementor-section-height-default\" data-id=\"eb6e3d8\" data-element_type=\"section\" data-e-type=\"section\">\n\t\t\t\t\t\t<div class=\"elementor-container elementor-column-gap-default\">\n\t\t\t\t\t<div class=\"elementor-column elementor-col-100 elementor-top-column elementor-element elementor-element-e366d1c\" data-id=\"e366d1c\" data-element_type=\"column\" data-e-type=\"column\">\n\t\t\t<div class=\"elementor-widget-wrap elementor-element-populated\">\n\t\t\t\t\t\t<div class=\"elementor-element elementor-element-f3edeba elementor-widget elementor-widget-heading\" data-id=\"f3edeba\" data-element_type=\"widget\" data-e-type=\"widget\" data-widget_type=\"heading.default\">\n\t\t\t\t<div class=\"elementor-widget-container\">\n\t\t\t\t\t<h2 class=\"elementor-heading-title elementor-size-default\"><h2 data-elementor-setting-key=\"title\" data-pen-placeholder=\"Eingabe hier...\" style=\"font-style: normal;font-family: Montserrat, sans-serif;text-align: center\">Nacht der Firmen und Vereine<span style=\"font-family: Sarala, sans-serif;font-size: 2.5rem;font-style: inherit\"><\/span><\/h2><\/h2>\t\t\t\t<\/div>\n\t\t\t\t<\/div>\n\t\t\t\t\t<\/div>\n\t\t<\/div>\n\t\t\t\t\t<\/div>\n\t\t<\/section>\n\t\t\t\t<section class=\"elementor-section elementor-top-section elementor-element elementor-element-389939e elementor-section-boxed elementor-section-height-default elementor-section-height-default\" data-id=\"389939e\" data-element_type=\"section\" data-e-type=\"section\">\n\t\t\t\t\t\t<div class=\"elementor-container elementor-column-gap-default\">\n\t\t\t\t\t<div class=\"elementor-column elementor-col-50 elementor-top-column elementor-element elementor-element-a62b415\" data-id=\"a62b415\" data-element_type=\"column\" data-e-type=\"column\">\n\t\t\t<div class=\"elementor-widget-wrap elementor-element-populated\">\n\t\t\t\t\t\t<div class=\"elementor-element elementor-element-77e0375 elementor-widget elementor-widget-text-editor\" data-id=\"77e0375\" data-element_type=\"widget\" data-e-type=\"widget\" data-widget_type=\"text-editor.default\">\n\t\t\t\t<div class=\"elementor-widget-container\">\n\t\t\t\t\t\t\t\t\t<div>Es ist endlich soweit \u2013 die Online-Reservierung f\u00fcr unsere legend\u00e4re Jausenplatte ist ab sofort ge\u00f6ffnet!<\/div><div>Wie jedes Jahr ist sie hei\u00df begehrt \u2013 perfekt als herzhafte St\u00e4rkung beim Fest und ideal, um gemeinsam in gem\u00fctlicher Runde zu genie\u00dfen.<\/div><div>\u00a0<\/div><div><strong>Aber Achtung:<\/strong><\/div><div>Das Kontingent ist begrenzt \u2013 also schnell sein und einen Tisch sichern!<\/div><div>\u00a0<\/div><div><strong>So funktioniert\u2019s:<\/strong><\/div><div>Einfach auf den Link klicken, Tisch reservieren und euch eure Portion Jausengl\u00fcck sichern.<\/div><div>Die Jausenplatte wird euch direkt an den Tisch serviert \u2013 ganz ohne Anstellen, ganz ohne Stress. Einfach hinsetzen, genie\u00dfen und das Fest erleben!<\/div><div>\u00a0<\/div><div><strong>Hier geht\u2019s zur Reservierung:<\/strong><\/div><div><strong>\u00a0<\/strong><\/div><h5><span style=\"text-decoration: underline;\"><span style=\"color: #ff6600;\"><a style=\"color: #ff6600; text-decoration: underline;\" href=\"https:\/\/kupfticket.com\/events\/nacht-der-firmen-und-vereine-2026\" target=\"_blank\" rel=\"noopener\">Jetzt Tisch &amp; Jausenplatte reservieren<\/a><\/span><\/span><\/h5><div>Wir freuen uns auf viele hungrige G\u00e4ste, gute Stimmung und ein gro\u00dfartiges Fest!<\/div>\t\t\t\t\t\t\t\t<\/div>\n\t\t\t\t<\/div>\n\t\t\t\t\t<\/div>\n\t\t<\/div>\n\t\t\t\t<div class=\"elementor-column elementor-col-50 elementor-top-column elementor-element elementor-element-d078abe\" data-id=\"d078abe\" data-element_type=\"column\" data-e-type=\"column\">\n\t\t\t<div class=\"elementor-widget-wrap elementor-element-populated\">\n\t\t\t\t\t\t<div class=\"elementor-element elementor-element-0f67545 elementor-widget elementor-widget-image\" data-id=\"0f67545\" data-element_type=\"widget\" data-e-type=\"widget\" data-widget_type=\"image.default\">\n\t\t\t\t<div class=\"elementor-widget-container\">\n\t\t\t\t\t\t\t\t\t\t\t\t\t\t\t<img decoding=\"async\" width=\"850\" height=\"638\" src=\"https:\/\/www.festdesjahres.at\/wp-content\/uploads\/2026\/03\/jause.jpg\" class=\"attachment-large size-large wp-image-8859\" alt=\"\" srcset=\"https:\/\/www.festdesjahres.at\/wp-content\/uploads\/2026\/03\/jause.jpg 850w, https:\/\/www.festdesjahres.at\/wp-content\/uploads\/2026\/03\/jause-300x225.jpg 300w, https:\/\/www.festdesjahres.at\/wp-content\/uploads\/2026\/03\/jause-768x576.jpg 768w, https:\/\/www.festdesjahres.at\/wp-content\/uploads\/2026\/03\/jause-16x12.jpg 16w\" sizes=\"(max-width: 850px) 100vw, 850px\" \/>\t\t\t\t\t\t\t\t\t\t\t\t\t\t\t<\/div>\n\t\t\t\t<\/div>\n\t\t\t\t\t<\/div>\n\t\t<\/div>\n\t\t\t\t\t<\/div>\n\t\t<\/section>\n\t\t\t\t<section class=\"elementor-section elementor-top-section elementor-element elementor-element-a9e2f56 elementor-section-boxed elementor-section-height-default elementor-section-height-default\" data-id=\"a9e2f56\" data-element_type=\"section\" data-e-type=\"section\">\n\t\t\t\t\t\t<div class=\"elementor-container elementor-column-gap-default\">\n\t\t\t\t\t<div class=\"elementor-column elementor-col-100 elementor-top-column elementor-element elementor-element-6bd4a43\" data-id=\"6bd4a43\" data-element_type=\"column\" data-e-type=\"column\">\n\t\t\t<div class=\"elementor-widget-wrap\">\n\t\t\t\t\t\t\t<\/div>\n\t\t<\/div>\n\t\t\t\t\t<\/div>\n\t\t<\/section>\n\t\t\t\t<section class=\"elementor-section elementor-top-section elementor-element elementor-element-23c8708 elementor-section-boxed elementor-section-height-default elementor-section-height-default\" data-id=\"23c8708\" data-element_type=\"section\" data-e-type=\"section\">\n\t\t\t\t\t\t<div class=\"elementor-container elementor-column-gap-default\">\n\t\t\t\t\t<div class=\"elementor-column elementor-col-100 elementor-top-column elementor-element elementor-element-727a27a\" data-id=\"727a27a\" data-element_type=\"column\" data-e-type=\"column\">\n\t\t\t<div class=\"elementor-widget-wrap elementor-element-populated\">\n\t\t\t\t\t\t<div class=\"elementor-element elementor-element-ac52d3e elementor-widget elementor-widget-spacer\" data-id=\"ac52d3e\" data-element_type=\"widget\" data-e-type=\"widget\" data-widget_type=\"spacer.default\">\n\t\t\t\t<div class=\"elementor-widget-container\">\n\t\t\t\t\t\t\t<div class=\"elementor-spacer\">\n\t\t\t<div class=\"elementor-spacer-inner\"><\/div>\n\t\t<\/div>\n\t\t\t\t\t\t<\/div>\n\t\t\t\t<\/div>\n\t\t\t\t\t<\/div>\n\t\t<\/div>\n\t\t\t\t\t<\/div>\n\t\t<\/section>\n\t\t\t\t<section class=\"elementor-section elementor-top-section elementor-element elementor-element-f6fb232 elementor-section-boxed elementor-section-height-default elementor-section-height-default\" data-id=\"f6fb232\" data-element_type=\"section\" data-e-type=\"section\">\n\t\t\t\t\t\t<div class=\"elementor-container elementor-column-gap-default\">\n\t\t\t\t\t<div class=\"elementor-column elementor-col-100 elementor-top-column elementor-element elementor-element-89bf41d\" data-id=\"89bf41d\" data-element_type=\"column\" data-e-type=\"column\">\n\t\t\t<div class=\"elementor-widget-wrap elementor-element-populated\">\n\t\t\t\t\t\t<div class=\"elementor-element elementor-element-43526e5 elementor-widget elementor-widget-heading\" data-id=\"43526e5\" data-element_type=\"widget\" data-e-type=\"widget\" data-widget_type=\"heading.default\">\n\t\t\t\t<div class=\"elementor-widget-container\">\n\t\t\t\t\t<h2 class=\"elementor-heading-title elementor-size-default\"><h2 data-elementor-setting-key=\"title\" data-pen-placeholder=\"Eingabe hier...\" style=\"font-style: normal;font-family: Montserrat, sans-serif;text-align: center\">Harmonikatreffen<span style=\"font-family: Sarala, sans-serif;font-size: 2.5rem;font-style: inherit\"><\/span><\/h2><\/h2>\t\t\t\t<\/div>\n\t\t\t\t<\/div>\n\t\t\t\t\t<\/div>\n\t\t<\/div>\n\t\t\t\t\t<\/div>\n\t\t<\/section>\n\t\t\t\t<section class=\"elementor-section elementor-top-section elementor-element elementor-element-d2731b7 elementor-section-boxed elementor-section-height-default elementor-section-height-default\" data-id=\"d2731b7\" data-element_type=\"section\" data-e-type=\"section\">\n\t\t\t\t\t\t<div class=\"elementor-container elementor-column-gap-default\">\n\t\t\t\t\t<div class=\"elementor-column elementor-col-50 elementor-top-column elementor-element elementor-element-590bd57\" data-id=\"590bd57\" data-element_type=\"column\" data-e-type=\"column\">\n\t\t\t<div class=\"elementor-widget-wrap elementor-element-populated\">\n\t\t\t\t\t\t<div class=\"elementor-element elementor-element-d8dbd69 elementor-widget elementor-widget-text-editor\" data-id=\"d8dbd69\" data-element_type=\"widget\" data-e-type=\"widget\" data-widget_type=\"text-editor.default\">\n\t\t\t\t<div class=\"elementor-widget-container\">\n\t\t\t\t\t\t\t\t\t<p>Zum zweiten Mal findet zu Pfingsten das gro\u00dfe Harmonikatreffen beim Fest des Jahres statt!<\/p><p>Freut euch auf ein gemeinsames Gesamtspiel und nat\u00fcrlich jede Menge gute Musik. Es werden wieder Pokale ausgegeben. Gruppen k\u00f6nnen sich ebenfalls anmelden \u2013 je mehr, desto besser!<\/p><p>Die Teilnehmerzahl ist allerdings begrenzt, also sichert euch schnell euren Platz. Wir freuen uns auf viele harmonische T\u00f6ne!<\/p><p><span style=\"text-decoration: underline;\"><strong><span style=\"color: #ff6600;\"><a style=\"color: #ff6600; text-decoration: underline;\" href=\"https:\/\/forms.microsoft.com\/pages\/responsepage.aspx?id=lxRAvQDRH0GUo8VvvzPAbpleZsnmL1tLiy0oG5oc_VVUMU9CUzRDMUozVFJPTkhSOEwwOUQ2ODlaMS4u&amp;route=shorturl\" target=\"_blank\" rel=\"noopener\">Zur Anmeldung<\/a><\/span><\/strong><\/span><\/p>\t\t\t\t\t\t\t\t<\/div>\n\t\t\t\t<\/div>\n\t\t\t\t\t<\/div>\n\t\t<\/div>\n\t\t\t\t<div class=\"elementor-column elementor-col-50 elementor-top-column elementor-element elementor-element-09d1eb0\" data-id=\"09d1eb0\" data-element_type=\"column\" data-e-type=\"column\">\n\t\t\t<div class=\"elementor-widget-wrap elementor-element-populated\">\n\t\t\t\t\t\t<div class=\"elementor-element elementor-element-28b4462 elementor-widget elementor-widget-image\" data-id=\"28b4462\" data-element_type=\"widget\" data-e-type=\"widget\" data-widget_type=\"image.default\">\n\t\t\t\t<div class=\"elementor-widget-container\">\n\t\t\t\t\t\t\t\t\t\t\t\t\t\t\t<img decoding=\"async\" width=\"1024\" height=\"761\" src=\"https:\/\/www.festdesjahres.at\/wp-content\/uploads\/2026\/03\/Harmonikatreffen-1024x761.jpg\" class=\"attachment-large size-large wp-image-8825\" alt=\"\" srcset=\"https:\/\/www.festdesjahres.at\/wp-content\/uploads\/2026\/03\/Harmonikatreffen-1024x761.jpg 1024w, https:\/\/www.festdesjahres.at\/wp-content\/uploads\/2026\/03\/Harmonikatreffen-300x223.jpg 300w, https:\/\/www.festdesjahres.at\/wp-content\/uploads\/2026\/03\/Harmonikatreffen-768x571.jpg 768w, https:\/\/www.festdesjahres.at\/wp-content\/uploads\/2026\/03\/Harmonikatreffen-16x12.jpg 16w, https:\/\/www.festdesjahres.at\/wp-content\/uploads\/2026\/03\/Harmonikatreffen.jpg 1272w\" sizes=\"(max-width: 1024px) 100vw, 1024px\" \/>\t\t\t\t\t\t\t\t\t\t\t\t\t\t\t<\/div>\n\t\t\t\t<\/div>\n\t\t\t\t\t<\/div>\n\t\t<\/div>\n\t\t\t\t\t<\/div>\n\t\t<\/section>\n\t\t\t\t<section class=\"elementor-section elementor-top-section elementor-element elementor-element-0b8a387 elementor-section-boxed elementor-section-height-default elementor-section-height-default\" data-id=\"0b8a387\" data-element_type=\"section\" data-e-type=\"section\">\n\t\t\t\t\t\t<div class=\"elementor-container elementor-column-gap-default\">\n\t\t\t\t\t<div class=\"elementor-column elementor-col-100 elementor-top-column elementor-element elementor-element-4090c0c\" data-id=\"4090c0c\" data-element_type=\"column\" data-e-type=\"column\">\n\t\t\t<div class=\"elementor-widget-wrap elementor-element-populated\">\n\t\t\t\t\t\t<div class=\"elementor-element elementor-element-e942d24 elementor-widget elementor-widget-spacer\" data-id=\"e942d24\" data-element_type=\"widget\" data-e-type=\"widget\" data-widget_type=\"spacer.default\">\n\t\t\t\t<div class=\"elementor-widget-container\">\n\t\t\t\t\t\t\t<div class=\"elementor-spacer\">\n\t\t\t<div class=\"elementor-spacer-inner\"><\/div>\n\t\t<\/div>\n\t\t\t\t\t\t<\/div>\n\t\t\t\t<\/div>\n\t\t\t\t\t<\/div>\n\t\t<\/div>\n\t\t\t\t\t<\/div>\n\t\t<\/section>\n\t\t\t\t<section class=\"elementor-section elementor-top-section elementor-element elementor-element-6690522 elementor-section-full_width elementor-section-height-min-height elementor-section-content-middle elementor-section-height-default elementor-section-items-middle\" data-id=\"6690522\" data-element_type=\"section\" data-e-type=\"section\">\n\t\t\t\t\t\t<div class=\"elementor-container elementor-column-gap-no\">\n\t\t\t\t\t<div class=\"elementor-column elementor-col-100 elementor-top-column elementor-element elementor-element-d618971\" data-id=\"d618971\" data-element_type=\"column\" data-e-type=\"column\">\n\t\t\t<div class=\"elementor-widget-wrap elementor-element-populated\">\n\t\t\t\t\t\t<div class=\"elementor-element elementor-element-bac6e21 elementor-widget__width-inherit elementor-widget elementor-widget-heading\" data-id=\"bac6e21\" data-element_type=\"widget\" data-e-type=\"widget\" data-widget_type=\"heading.default\">\n\t\t\t\t<div class=\"elementor-widget-container\">\n\t\t\t\t\t<h2 class=\"elementor-heading-title elementor-size-default\"><span style=\", sans-serif;font-size: 13px;white-space: normal\"><\/span><\/h2>\t\t\t\t<\/div>\n\t\t\t\t<\/div>\n\t\t\t\t<div class=\"elementor-element elementor-element-56fb927 elementor-widget elementor-widget-spacer\" data-id=\"56fb927\" data-element_type=\"widget\" data-e-type=\"widget\" data-widget_type=\"spacer.default\">\n\t\t\t\t<div class=\"elementor-widget-container\">\n\t\t\t\t\t\t\t<div class=\"elementor-spacer\">\n\t\t\t<div class=\"elementor-spacer-inner\"><\/div>\n\t\t<\/div>\n\t\t\t\t\t\t<\/div>\n\t\t\t\t<\/div>\n\t\t\t\t\t<\/div>\n\t\t<\/div>\n\t\t\t\t\t<\/div>\n\t\t<\/section>\n\t\t\t\t<\/div>\n\t\t","protected":false},"excerpt":{"rendered":"<p>22. &#8211; 25. Mai 2026Neustift im M\u00fchlkreis Fest des Jahres Freitag Samstag Sonntag Montag Bezirksradtag der Senioren Programm\u00a0Startzeit: 9-10 UhrStart und Ziel: Sportplatz NeustiftStartgeld: 5 Euro, wird beim Start kassiertPreis f\u00fcr die gr\u00f6\u00dfte GruppeMittagessen und Ausklang beim Fest des Jahresab 11 Uhr am Sportplatz\u00a0AuskunftBezirks-Sportreferent Ludwig Gabriel +43 664 8108473Radfreunde Neustift Leo Berger +49 1516 7451183\u00a0weitere [&hellip;]<\/p>\n","protected":false},"author":1,"featured_media":0,"parent":0,"menu_order":0,"comment_status":"closed","ping_status":"open","template":"","meta":{"_uag_custom_page_level_css":"","site-sidebar-layout":"no-sidebar","site-content-layout":"page-builder","ast-site-content-layout":"default","site-content-style":"default","site-sidebar-style":"default","ast-global-header-display":"","ast-banner-title-visibility":"","ast-main-header-display":"","ast-hfb-above-header-display":"","ast-hfb-below-header-display":"","ast-hfb-mobile-header-display":"","site-post-title":"disabled","ast-breadcrumbs-content":"","ast-featured-img":"disabled","footer-sml-layout":"","theme-transparent-header-meta":"disabled","adv-header-id-meta":"","stick-header-meta":"","header-above-stick-meta":"","header-main-stick-meta":"","header-below-stick-meta":"","astra-migrate-meta-layouts":"default","ast-page-background-enabled":"default","ast-page-background-meta":{"desktop":{"background-color":"","background-image":"","background-repeat":"repeat","background-position":"center center","background-size":"auto","background-attachment":"scroll","background-type":"","background-media":"","overlay-type":"","overlay-color":"","overlay-opacity":"","overlay-gradient":""},"tablet":{"background-color":"","background-image":"","background-repeat":"repeat","background-position":"center center","background-size":"auto","background-attachment":"scroll","background-type":"","background-media":"","overlay-type":"","overlay-color":"","overlay-opacity":"","overlay-gradient":""},"mobile":{"background-color":"","background-image":"","background-repeat":"repeat","background-position":"center center","background-size":"auto","background-attachment":"scroll","background-type":"","background-media":"","overlay-type":"","overlay-color":"","overlay-opacity":"","overlay-gradient":""}},"ast-content-background-meta":{"desktop":{"background-color":"var(--ast-global-color-5)","background-image":"","background-repeat":"repeat","background-position":"center center","background-size":"auto","background-attachment":"scroll","background-type":"","background-media":"","overlay-type":"","overlay-color":"","overlay-opacity":"","overlay-gradient":""},"tablet":{"background-color":"var(--ast-global-color-5)","background-image":"","background-repeat":"repeat","background-position":"center center","background-size":"auto","background-attachment":"scroll","background-type":"","background-media":"","overlay-type":"","overlay-color":"","overlay-opacity":"","overlay-gradient":""},"mobile":{"background-color":"var(--ast-global-color-5)","background-image":"","background-repeat":"repeat","background-position":"center center","background-size":"auto","background-attachment":"scroll","background-type":"","background-media":"","overlay-type":"","overlay-color":"","overlay-opacity":"","overlay-gradient":""}},"footnotes":""},"class_list":["post-97","page","type-page","status-publish","hentry"],"yoast_head":"<!-- This site is optimized with the Yoast SEO plugin v27.4 - https:\/\/yoast.com\/product\/yoast-seo-wordpress\/ -->\n<title>Fest des Jahres -<\/title>\n<meta name=\"description\" content=\"Startseite Fest des Jahres Neustift\" \/>\n<meta name=\"robots\" content=\"index, follow, max-snippet:-1, max-image-preview:large, max-video-preview:-1\" \/>\n<link rel=\"canonical\" href=\"https:\/\/www.festdesjahres.at\/en\/\" \/>\n<meta property=\"og:locale\" content=\"en_US\" \/>\n<meta property=\"og:type\" content=\"article\" \/>\n<meta property=\"og:title\" content=\"Fest des Jahres -\" \/>\n<meta property=\"og:description\" content=\"Startseite Fest des Jahres Neustift\" \/>\n<meta property=\"og:url\" content=\"https:\/\/www.festdesjahres.at\/en\/\" \/>\n<meta property=\"og:site_name\" content=\"Fest des Jahres\" \/>\n<meta property=\"article:modified_time\" content=\"2026-04-14T18:50:35+00:00\" \/>\n<meta property=\"og:image\" content=\"https:\/\/www.festdesjahres.at\/wp-content\/uploads\/2024\/11\/Bieranstich-mit-Uhrzeit-1.jpg\" \/>\n<meta name=\"twitter:card\" content=\"summary_large_image\" \/>\n<meta name=\"twitter:label1\" content=\"Est. reading time\" \/>\n\t<meta name=\"twitter:data1\" content=\"8 minutes\" \/>\n<script type=\"application\/ld+json\" class=\"yoast-schema-graph\">{\"@context\":\"https:\\\/\\\/schema.org\",\"@graph\":[{\"@type\":\"WebPage\",\"@id\":\"https:\\\/\\\/www.festdesjahres.at\\\/\",\"url\":\"https:\\\/\\\/www.festdesjahres.at\\\/\",\"name\":\"Fest des Jahres -\",\"isPartOf\":{\"@id\":\"https:\\\/\\\/www.festdesjahres.at\\\/#website\"},\"primaryImageOfPage\":{\"@id\":\"https:\\\/\\\/www.festdesjahres.at\\\/#primaryimage\"},\"image\":{\"@id\":\"https:\\\/\\\/www.festdesjahres.at\\\/#primaryimage\"},\"thumbnailUrl\":\"https:\\\/\\\/www.festdesjahres.at\\\/wp-content\\\/uploads\\\/2024\\\/11\\\/Bieranstich-mit-Uhrzeit-1.jpg\",\"datePublished\":\"2017-08-09T10:09:38+00:00\",\"dateModified\":\"2026-04-14T18:50:35+00:00\",\"description\":\"Startseite Fest des Jahres Neustift\",\"breadcrumb\":{\"@id\":\"https:\\\/\\\/www.festdesjahres.at\\\/#breadcrumb\"},\"inLanguage\":\"en-US\",\"potentialAction\":[{\"@type\":\"ReadAction\",\"target\":[\"https:\\\/\\\/www.festdesjahres.at\\\/\"]}]},{\"@type\":\"ImageObject\",\"inLanguage\":\"en-US\",\"@id\":\"https:\\\/\\\/www.festdesjahres.at\\\/#primaryimage\",\"url\":\"https:\\\/\\\/www.festdesjahres.at\\\/wp-content\\\/uploads\\\/2024\\\/11\\\/Bieranstich-mit-Uhrzeit-1.jpg\",\"contentUrl\":\"https:\\\/\\\/www.festdesjahres.at\\\/wp-content\\\/uploads\\\/2024\\\/11\\\/Bieranstich-mit-Uhrzeit-1.jpg\"},{\"@type\":\"BreadcrumbList\",\"@id\":\"https:\\\/\\\/www.festdesjahres.at\\\/#breadcrumb\",\"itemListElement\":[{\"@type\":\"ListItem\",\"position\":1,\"name\":\"Startseite\",\"item\":\"https:\\\/\\\/www.festdesjahres.at\\\/\"},{\"@type\":\"ListItem\",\"position\":2,\"name\":\"Fest des Jahres\"}]},{\"@type\":\"WebSite\",\"@id\":\"https:\\\/\\\/www.festdesjahres.at\\\/#website\",\"url\":\"https:\\\/\\\/www.festdesjahres.at\\\/\",\"name\":\"Fest des Jahres\",\"description\":\"\",\"publisher\":{\"@id\":\"https:\\\/\\\/www.festdesjahres.at\\\/#organization\"},\"potentialAction\":[{\"@type\":\"SearchAction\",\"target\":{\"@type\":\"EntryPoint\",\"urlTemplate\":\"https:\\\/\\\/www.festdesjahres.at\\\/?s={search_term_string}\"},\"query-input\":{\"@type\":\"PropertyValueSpecification\",\"valueRequired\":true,\"valueName\":\"search_term_string\"}}],\"inLanguage\":\"en-US\"},{\"@type\":\"Organization\",\"@id\":\"https:\\\/\\\/www.festdesjahres.at\\\/#organization\",\"name\":\"Fest des Jahres\",\"url\":\"https:\\\/\\\/www.festdesjahres.at\\\/\",\"logo\":{\"@type\":\"ImageObject\",\"inLanguage\":\"en-US\",\"@id\":\"https:\\\/\\\/www.festdesjahres.at\\\/#\\\/schema\\\/logo\\\/image\\\/\",\"url\":\"https:\\\/\\\/www.festdesjahres.at\\\/wp-content\\\/uploads\\\/2022\\\/12\\\/cropped-Das_Fest_des_Jahres_Logo_klein-1.png\",\"contentUrl\":\"https:\\\/\\\/www.festdesjahres.at\\\/wp-content\\\/uploads\\\/2022\\\/12\\\/cropped-Das_Fest_des_Jahres_Logo_klein-1.png\",\"width\":1448,\"height\":732,\"caption\":\"Fest des Jahres\"},\"image\":{\"@id\":\"https:\\\/\\\/www.festdesjahres.at\\\/#\\\/schema\\\/logo\\\/image\\\/\"}}]}<\/script>\n<!-- \/ Yoast SEO plugin. -->","yoast_head_json":{"title":"Fest des Jahres -","description":"Startseite Fest des Jahres Neustift","robots":{"index":"index","follow":"follow","max-snippet":"max-snippet:-1","max-image-preview":"max-image-preview:large","max-video-preview":"max-video-preview:-1"},"canonical":"https:\/\/www.festdesjahres.at\/en\/","og_locale":"en_US","og_type":"article","og_title":"Fest des Jahres -","og_description":"Startseite Fest des Jahres Neustift","og_url":"https:\/\/www.festdesjahres.at\/en\/","og_site_name":"Fest des Jahres","article_modified_time":"2026-04-14T18:50:35+00:00","og_image":[{"url":"https:\/\/www.festdesjahres.at\/wp-content\/uploads\/2024\/11\/Bieranstich-mit-Uhrzeit-1.jpg","type":"","width":"","height":""}],"twitter_card":"summary_large_image","twitter_misc":{"Est. reading time":"8 minutes"},"schema":{"@context":"https:\/\/schema.org","@graph":[{"@type":"WebPage","@id":"https:\/\/www.festdesjahres.at\/","url":"https:\/\/www.festdesjahres.at\/","name":"Fest des Jahres -","isPartOf":{"@id":"https:\/\/www.festdesjahres.at\/#website"},"primaryImageOfPage":{"@id":"https:\/\/www.festdesjahres.at\/#primaryimage"},"image":{"@id":"https:\/\/www.festdesjahres.at\/#primaryimage"},"thumbnailUrl":"https:\/\/www.festdesjahres.at\/wp-content\/uploads\/2024\/11\/Bieranstich-mit-Uhrzeit-1.jpg","datePublished":"2017-08-09T10:09:38+00:00","dateModified":"2026-04-14T18:50:35+00:00","description":"Startseite Fest des Jahres Neustift","breadcrumb":{"@id":"https:\/\/www.festdesjahres.at\/#breadcrumb"},"inLanguage":"en-US","potentialAction":[{"@type":"ReadAction","target":["https:\/\/www.festdesjahres.at\/"]}]},{"@type":"ImageObject","inLanguage":"en-US","@id":"https:\/\/www.festdesjahres.at\/#primaryimage","url":"https:\/\/www.festdesjahres.at\/wp-content\/uploads\/2024\/11\/Bieranstich-mit-Uhrzeit-1.jpg","contentUrl":"https:\/\/www.festdesjahres.at\/wp-content\/uploads\/2024\/11\/Bieranstich-mit-Uhrzeit-1.jpg"},{"@type":"BreadcrumbList","@id":"https:\/\/www.festdesjahres.at\/#breadcrumb","itemListElement":[{"@type":"ListItem","position":1,"name":"Startseite","item":"https:\/\/www.festdesjahres.at\/"},{"@type":"ListItem","position":2,"name":"Fest des Jahres"}]},{"@type":"WebSite","@id":"https:\/\/www.festdesjahres.at\/#website","url":"https:\/\/www.festdesjahres.at\/","name":"Fest des Jahres","description":"","publisher":{"@id":"https:\/\/www.festdesjahres.at\/#organization"},"potentialAction":[{"@type":"SearchAction","target":{"@type":"EntryPoint","urlTemplate":"https:\/\/www.festdesjahres.at\/?s={search_term_string}"},"query-input":{"@type":"PropertyValueSpecification","valueRequired":true,"valueName":"search_term_string"}}],"inLanguage":"en-US"},{"@type":"Organization","@id":"https:\/\/www.festdesjahres.at\/#organization","name":"Fest des Jahres","url":"https:\/\/www.festdesjahres.at\/","logo":{"@type":"ImageObject","inLanguage":"en-US","@id":"https:\/\/www.festdesjahres.at\/#\/schema\/logo\/image\/","url":"https:\/\/www.festdesjahres.at\/wp-content\/uploads\/2022\/12\/cropped-Das_Fest_des_Jahres_Logo_klein-1.png","contentUrl":"https:\/\/www.festdesjahres.at\/wp-content\/uploads\/2022\/12\/cropped-Das_Fest_des_Jahres_Logo_klein-1.png","width":1448,"height":732,"caption":"Fest des Jahres"},"image":{"@id":"https:\/\/www.festdesjahres.at\/#\/schema\/logo\/image\/"}}]}},"uagb_featured_image_src":{"full":false,"thumbnail":false,"medium":false,"medium_large":false,"large":false,"1536x1536":false,"2048x2048":false,"trp-custom-language-flag":false},"uagb_author_info":{"display_name":"admin","author_link":"https:\/\/www.festdesjahres.at\/en\/author\/office_muhmko9q\/"},"uagb_comment_info":2,"uagb_excerpt":"22. &#8211; 25. Mai 2026Neustift im M\u00fchlkreis Fest des Jahres Freitag Samstag Sonntag Montag Bezirksradtag der Senioren Programm\u00a0Startzeit: 9-10 UhrStart und Ziel: Sportplatz NeustiftStartgeld: 5 Euro, wird beim Start kassiertPreis f\u00fcr die gr\u00f6\u00dfte GruppeMittagessen und Ausklang beim Fest des Jahresab 11 Uhr am Sportplatz\u00a0AuskunftBezirks-Sportreferent Ludwig Gabriel +43 664 8108473Radfreunde Neustift Leo Berger +49 1516 7451183\u00a0weitere&hellip;","_links":{"self":[{"href":"https:\/\/www.festdesjahres.at\/en\/wp-json\/wp\/v2\/pages\/97","targetHints":{"allow":["GET"]}}],"collection":[{"href":"https:\/\/www.festdesjahres.at\/en\/wp-json\/wp\/v2\/pages"}],"about":[{"href":"https:\/\/www.festdesjahres.at\/en\/wp-json\/wp\/v2\/types\/page"}],"author":[{"embeddable":true,"href":"https:\/\/www.festdesjahres.at\/en\/wp-json\/wp\/v2\/users\/1"}],"replies":[{"embeddable":true,"href":"https:\/\/www.festdesjahres.at\/en\/wp-json\/wp\/v2\/comments?post=97"}],"version-history":[{"count":1152,"href":"https:\/\/www.festdesjahres.at\/en\/wp-json\/wp\/v2\/pages\/97\/revisions"}],"predecessor-version":[{"id":8909,"href":"https:\/\/www.festdesjahres.at\/en\/wp-json\/wp\/v2\/pages\/97\/revisions\/8909"}],"wp:attachment":[{"href":"https:\/\/www.festdesjahres.at\/en\/wp-json\/wp\/v2\/media?parent=97"}],"curies":[{"name":"wp","href":"https:\/\/api.w.org\/{rel}","templated":true}]}}